{"version":"1.0","type":"rich","provider_name":"WebTh\u00e9\u00e2tre&nbsp;: Actualit\u00e9 critique des spectacles, th\u00e9\u00e2tre, op\u00e9ra, musique, danse - Paris et r\u00e9gions, Belgique, Espagne","provider_url":"https:\/\/www.webtheatre.fr","title":"Le prince de Danemark d\u2019Emmanuel Dekoninck","author_name":"Michel Voiturier","width":"1200","height":"800","url":"https:\/\/www.webtheatre.fr\/Le-prince-de-Danemark-d-Emmanuel-Dekoninck","html":"\u003Ch4 class='title'\u003E\u003Ca href='https:\/\/www.webtheatre.fr\/Le-prince-de-Danemark-d-Emmanuel-Dekoninck'\u003ELe prince de Danemark d\u2019Emmanuel Dekoninck\u003C\/a\u003E\u003C\/h4\u003E\u003Cblockquote class='spip'\u003E\n\u003Cp\u003EDeux copains sont en train de bavarder. Et voici que leur conversation se tourne vers cette situation particuli\u00e8re qui est la leur actuellement. Ils parlent et des gens les \u00e9coutent. C\u2019est une r\u00e9alit\u00e9. Il est m\u00eame possible de s\u2019adresser aux gens assis devant eux. Et de les entendre r\u00e9pliquer. Seulement, \u00e0 partir du moment o\u00f9 ce ne sont plus deux amis qui parlent mais deux com\u00e9diens se comportant comme deux personnes li\u00e9es par des liens d\u2019amiti\u00e9, cela devient une r\u00e9alit\u00e9 de fiction.&nbsp;(\u2026)\u003C\/p\u003E\n\u003C\/blockquote\u003E\n"}