{"version":"1.0","type":"rich","provider_name":"WebTh\u00e9\u00e2tre&nbsp;: Actualit\u00e9 critique des spectacles, th\u00e9\u00e2tre, op\u00e9ra, musique, danse - Paris et r\u00e9gions, Belgique, Espagne","provider_url":"https:\/\/www.webtheatre.fr","title":"Le Bourgeois gentilhomme de Moli\u00e8re et Lully","author_name":"No\u00ebl Tinazzi","width":"1200","height":"800","url":"https:\/\/www.webtheatre.fr\/Le-Bourgeois-gentilhomme-de-Moliere-et-Lully","html":"\u003Ch4 class='title'\u003E\u003Ca href='https:\/\/www.webtheatre.fr\/Le-Bourgeois-gentilhomme-de-Moliere-et-Lully'\u003ELe Bourgeois gentilhomme de Moli\u00e8re et Lully\u003C\/a\u003E\u003C\/h4\u003E\u003Cblockquote class='spip'\u003E\n\u003Cp\u003EFin des vicissitudes, on veut l\u2019esp\u00e9rer, pour Le Bourgeois gentilhomme mis en sc\u00e8ne et interpr\u00e9t\u00e9 par J\u00e9r\u00f4me Deschamps. Cr\u00e9\u00e9e en juin 2019 au Printemps des Com\u00e9diens \u00e0 Montpellier, la fastueuse production de la com\u00e9die-ballet de Moli\u00e8re et Lully, jou\u00e9e, chant\u00e9e et dans\u00e9e, a vu sa tourn\u00e9e en France interrompue par le Covid-19. Elle arrive enfin aujourd\u2019hui \u00e0 l\u2019Op\u00e9ra comique, coproducteur du spectacle, non sans une derni\u00e8re avanie&nbsp;: le chef Marc Minkowski, immobilis\u00e9 \u00e0 la suite d\u2019une chute,&nbsp;(\u2026)\u003C\/p\u003E\n\u003C\/blockquote\u003E\n"}