{"version":"1.0","type":"rich","provider_name":"WebTh\u00e9\u00e2tre&nbsp;: Actualit\u00e9 critique des spectacles, th\u00e9\u00e2tre, op\u00e9ra, musique, danse - Paris et r\u00e9gions, Belgique, Espagne","provider_url":"https:\/\/www.webtheatre.fr","title":"Ainay-le-Vieil, an IV","author_name":"Christian Wasselin","width":"1200","height":"800","url":"https:\/\/www.webtheatre.fr\/Ainay-le-Vieil-an-IV","html":"\u003Ch4 class='title'\u003E\u003Ca href='https:\/\/www.webtheatre.fr\/Ainay-le-Vieil-an-IV'\u003EAinay-le-Vieil, an IV\u003C\/a\u003E\u003C\/h4\u003E\u003Cblockquote class='spip'\u003E\n\u003Cp\u003ELe cadre n\u2019a pas chang\u00e9, car ce serait dommage&nbsp;! Ainay-le-Vieil, c\u2019est toujours ce ch\u00e2teau construit au XIIIe si\u00e8cle, entour\u00e9 de douves, d\u2019un parc paysager aux arbres centenaires et de jardins dessin\u00e9s autour des Jardins d\u2019eau de la Renaissance. Cette quatri\u00e8me \u00e9dition, qui se tiendra du 14 au 17 ao\u00fbt, c\u00e9l\u00e9brera l\u2019anniversaire de Ravel (qu\u2019on aime c\u00e9l\u00e9brer, m\u00eame en dehors de son anniversaire), offrira une soir\u00e9e Mozart avec Liya Petrova (parce que Mozart, c\u2019est Mozart), fera entendre un trio&nbsp;(\u2026)\u003C\/p\u003E\n\u003C\/blockquote\u003E\n"}