{"version":"1.0","type":"rich","provider_name":"WebTh\u00e9\u00e2tre&nbsp;: Actualit\u00e9 critique des spectacles, th\u00e9\u00e2tre, op\u00e9ra, musique, danse - Paris et r\u00e9gions, Belgique, Espagne","provider_url":"https:\/\/www.webtheatre.fr","title":"Werther et Charlotte seuls au monde","author_name":"Christian Wasselin","width":"1200","height":"800","url":"http:\/\/www.webtheatre.fr\/Werther-et-Charlotte-seuls-au-monde","html":"\u003Ch4 class='title'\u003E\u003Ca href='http:\/\/www.webtheatre.fr\/Werther-et-Charlotte-seuls-au-monde'\u003EWerther et Charlotte seuls au monde\u003C\/a\u003E\u003C\/h4\u003E\u003Cblockquote class='spip'\u003E\n\u003Cp\u003EAPRES WERTHER AU TH\u00c9\u00c2TRE DES CHAMPS-\u00c9LYS\u00c9ES, revoici l\u2019op\u00e9ra de Massenet, cette fois \u00e0 l\u2019Op\u00e9ra-Comique, l\u00e0 o\u00f9 fut donn\u00e9e la premi\u00e8re fran\u00e7aise de cet ouvrage cr\u00e9\u00e9 en 1892 \u00e0 Vienne, en allemand, avec un t\u00e9nor (Ernest Van Dick) qui, deux d\u00e9cennies plus tard, allait mettre en sc\u00e8ne Benvenuto Cellini de Berlioz \u00e0 l\u2019occasion de l\u2019inauguration\u2026 du Th\u00e9\u00e2tre des Champs-\u00c9lys\u00e9es. Mais l\u2019Op\u00e9ra-Comique, en 1892, donnait ses repr\u00e9sentations\u2026 au Th\u00e9\u00e2tre-Lyrique (devenu aujourd\u2019hui le Th\u00e9\u00e2tre de la Ville)&nbsp;:&nbsp;(\u2026)\u003C\/p\u003E\n\u003C\/blockquote\u003E\n"}