{"version":"1.0","type":"rich","provider_name":"WebTh\u00e9\u00e2tre&nbsp;: Actualit\u00e9 critique des spectacles, th\u00e9\u00e2tre, op\u00e9ra, musique, danse - Paris et r\u00e9gions, Belgique, Espagne","provider_url":"https:\/\/www.webtheatre.fr","title":"Vingt ans, le bel \u00e2ge","author_name":"Christian Wasselin","width":"1200","height":"800","url":"http:\/\/www.webtheatre.fr\/Vingt-ans-le-bel-age","html":"\u003Ch4 class='title'\u003E\u003Ca href='http:\/\/www.webtheatre.fr\/Vingt-ans-le-bel-age'\u003EVingt ans, le bel \u00e2ge\u003C\/a\u003E\u003C\/h4\u003E\u003Cblockquote class='spip'\u003E\n\u003Cp\u003EL\u2019ENSEMBLE AEDES F\u00caTE SES VINGT ANS (il est n\u00e9 en r\u00e9alit\u00e9 en 2005), et contrairement \u00e0 ce qu\u2019affirme Jean Cocteau, il semblerait que ce soit pour lui le bel \u00e2ge, celui d\u2019un premier \u00e9panouissement, comme nous avons pu l\u2019observer \u00e0 la faveur d\u2019un concert donn\u00e9 dans le r\u00e9fectoire des moines de l\u2019abbaye de Royaumont, lieu tr\u00e8s bien choisi pour le r\u00e9pertoire a capella. Un concert con\u00e7u \u00e0 la mani\u00e8re d\u2019une anthologie, qui s\u2019ouvrait par les deux premiers mouvements de la Messe en sol majeur (1937)&nbsp;(\u2026)\u003C\/p\u003E\n\u003C\/blockquote\u003E\n"}