{"version":"1.0","type":"rich","provider_name":"WebTh\u00e9\u00e2tre&nbsp;: Actualit\u00e9 critique des spectacles, th\u00e9\u00e2tre, op\u00e9ra, musique, danse - Paris et r\u00e9gions, Belgique, Espagne","provider_url":"https:\/\/www.webtheatre.fr","title":"Vers les m\u00e9tamorphoses d&#8217;Etienne Saglio","author_name":"Corinne Denailles","width":"1200","height":"800","url":"http:\/\/www.webtheatre.fr\/Vers-les-metamorphoses-d-Etienne-Saglio","html":"\u003Ch4 class='title'\u003E\u003Ca href='http:\/\/www.webtheatre.fr\/Vers-les-metamorphoses-d-Etienne-Saglio'\u003EVers les m\u00e9tamorphoses d&#8217;Etienne Saglio\u003C\/a\u003E\u003C\/h4\u003E\u003Cblockquote class='spip'\u003E\n\u003Cp\u003EEst-ce parce que le mouvement c\u2019est la vie qu\u2019Etienne Saglio a convoqu\u00e9 la m\u00e9tamorphose pour \u00e9merger d\u2019une p\u00e9riode personnelle difficile&nbsp;? Depuis le jour de notre naissance, la m\u00e9tamorphose op\u00e8re sur nous et, de transformation majeure en transformation mineure, nous construit. Les cartes sont sans cesse rebattues pour une nouvelle configuration de nous-m\u00eames, \u00e0 notre insu. Le po\u00e8te Ovide, dans Les m\u00e9tamorphoses, avait pour projet de raconter l\u2019histoire de l\u2019humanit\u00e9 \u00e0 travers ses&nbsp;(\u2026)\u003C\/p\u003E\n\u003C\/blockquote\u003E\n"}