{"version":"1.0","type":"rich","provider_name":"WebTh\u00e9\u00e2tre&nbsp;: Actualit\u00e9 critique des spectacles, th\u00e9\u00e2tre, op\u00e9ra, musique, danse - Paris et r\u00e9gions, Belgique, Espagne","provider_url":"https:\/\/www.webtheatre.fr","title":"Une autre mani\u00e8re mani\u00e8re de voir le monde","author_name":"Gilles Costaz","width":"1200","height":"800","url":"http:\/\/www.webtheatre.fr\/Une-autre-maniere-maniere-de-voir-le-monde","html":"\u003Ch4 class='title'\u003E\u003Ca href='http:\/\/www.webtheatre.fr\/Une-autre-maniere-maniere-de-voir-le-monde'\u003EUne autre mani\u00e8re mani\u00e8re de voir le monde\u003C\/a\u003E\u003C\/h4\u003E\u003Cblockquote class='spip'\u003E\n\u003Cp\u003ELe th\u00e9\u00e2tre de la Temp\u00eate, \u00e0 la Cartoucherie de Vincennes, a-t-il chang\u00e9 avec l\u2019arriv\u00e9e, il y a presque deux ans, de Cl\u00e9ment Poir\u00e9e \u00e0 sa direction et apr\u00e8s le d\u00e9part du directeur historique, Philippe Adrien&nbsp;? Cl\u00e9ment Poir\u00e9e, qui r\u00e9pond \u00e0 nos questions, pense qu\u2019il se situe dans le prolongement de l\u2019action de son pr\u00e9d\u00e9cesseur. La saison a commenc\u00e9 avec le succ\u00e8s de sa mise en sc\u00e8ne d\u2019ouverture, A l\u2019abordage d\u2019Emmanuelle Bayamack-Tam (d\u2019apr\u00e8s Marivaux)  et reprendra apr\u00e8s l\u2019interruption caus\u00e9e&nbsp;(\u2026)\u003C\/p\u003E\n\u003C\/blockquote\u003E\n"}