{"version":"1.0","type":"rich","provider_name":"WebTh\u00e9\u00e2tre&nbsp;: Actualit\u00e9 critique des spectacles, th\u00e9\u00e2tre, op\u00e9ra, musique, danse - Paris et r\u00e9gions, Belgique, Espagne","provider_url":"https:\/\/www.webtheatre.fr","title":"Tourn\u00e9e g\u00e9n\u00e9rale, le nouveau festival du 12e arrondissement","author_name":"Gilles Costaz","width":"1200","height":"800","url":"http:\/\/www.webtheatre.fr\/Tournee-generale-le-nouveau","html":"\u003Ch4 class='title'\u003E\u003Ca href='http:\/\/www.webtheatre.fr\/Tournee-generale-le-nouveau'\u003ETourn\u00e9e g\u00e9n\u00e9rale, le nouveau festival du 12e arrondissement\u003C\/a\u003E\u003C\/h4\u003E\u003Cblockquote class='spip'\u003E\n\u003Cp\u003EEntr\u00e9e libre dans sept bars du XIIe arrondissement de Paris ces prochains soirs, alors qu\u2019on y donne spectacles et concerts&nbsp;!  Mais il faut payer ses consommations. Le festival Tourn\u00e9e g\u00e9n\u00e9rale, dont on salue la naissance, anime r\u00e9veille, change, illumine ce qu\u2019on appelle la &#171;&nbsp;vall\u00e9e de F\u00e9camp&nbsp;&#187; et qui va du m\u00e9tro Daumesnil au m\u00e9tro porte de Charenton.   Aux commandes de cet \u00e9v\u00e9nement, une journaliste&nbsp;:  Ana\u00efs H\u00e9luin, critique de th\u00e9\u00e2tre, dont on peut lire les papiers dans Politis, La&nbsp;(\u2026)\u003C\/p\u003E\n\u003C\/blockquote\u003E\n"}