{"version":"1.0","type":"rich","provider_name":"WebTh\u00e9\u00e2tre&nbsp;: Actualit\u00e9 critique des spectacles, th\u00e9\u00e2tre, op\u00e9ra, musique, danse - Paris et r\u00e9gions, Belgique, Espagne","provider_url":"https:\/\/www.webtheatre.fr","title":"Suresnes cit\u00e9 danses 2020","author_name":"Yves Bourgade","width":"1200","height":"800","url":"http:\/\/www.webtheatre.fr\/Suresnes-cite-danses-2020","html":"\u003Ch4 class='title'\u003E\u003Ca href='http:\/\/www.webtheatre.fr\/Suresnes-cite-danses-2020'\u003ESuresnes cit\u00e9 danses 2020\u003C\/a\u003E\u003C\/h4\u003E\u003Cblockquote class='spip'\u003E\n\u003Cp\u003EDepuis avril 2019, le Th\u00e9\u00e2tre Jean Vilar de Suresnes est ferm\u00e9 pour des travaux d\u2019agrandissement et de modernisation de sa grande sc\u00e8ne. Il n\u2019\u00e9tait pas question pour son directeur Olivier Meyer de manquer le rendez-vous de Suresnes cit\u00e9 danses dont la 28e \u00e9dition est d\u00e9localis\u00e9 au Th\u00e9\u00e2tre (voisin) Andr\u00e9-Malraux de Rueil-Malmaison du 11 janvier au 2 f\u00e9vrier 2020, avec cinq cr\u00e9ations, r\u00e9parties sur onze repr\u00e9sentations (les week ends), l\u2019accueil de six  chor\u00e9graphes et quarante trois danseurs&nbsp;(\u2026)\u003C\/p\u003E\n\u003C\/blockquote\u003E\n"}