{"version":"1.0","type":"rich","provider_name":"WebTh\u00e9\u00e2tre&nbsp;: Actualit\u00e9 critique des spectacles, th\u00e9\u00e2tre, op\u00e9ra, musique, danse - Paris et r\u00e9gions, Belgique, Espagne","provider_url":"https:\/\/www.webtheatre.fr","title":"R\u00e9novation du TNP \u00e0 Villeurbanne","author_name":"Jean Chollet","width":"1200","height":"800","url":"http:\/\/www.webtheatre.fr\/Renovation-du-TNP-a-Villeurbanne-3049","html":"\u003Ch4 class='title'\u003E\u003Ca href='http:\/\/www.webtheatre.fr\/Renovation-du-TNP-a-Villeurbanne-3049'\u003ER\u00e9novation du TNP \u00e0 Villeurbanne\u003C\/a\u003E\u003C\/h4\u003E\u003Cblockquote class='spip'\u003E\n\u003Cp\u003EApr\u00e8s plus de trois ans de travaux, le b\u00e2timent qui abrite le Th\u00e9\u00e2tre national populaire a \u00e9t\u00e9 inaugur\u00e9 le 11 novembre 2011. Une journ\u00e9e que son directeur, Christian Schiaretti, n\u2019a pas choisie par hasard puisque, \u00e0 cette m\u00eame date en 1920, Firmin G\u00e9mier inaugurait dans le Palais du Trocad\u00e9ro \u00e0 Paris le premier TNP, condamn\u00e9 quelques ann\u00e9es plus tard par une insuffisance budg\u00e9taire. Une mani\u00e8re de rappeler le lien avec les origines de ce qui constitue une des avanc\u00e9es les plus marquantes du&nbsp;(\u2026)\u003C\/p\u003E\n\u003C\/blockquote\u003E\n"}