{"version":"1.0","type":"rich","provider_name":"WebTh\u00e9\u00e2tre&nbsp;: Actualit\u00e9 critique des spectacles, th\u00e9\u00e2tre, op\u00e9ra, musique, danse - Paris et r\u00e9gions, Belgique, Espagne","provider_url":"https:\/\/www.webtheatre.fr","title":"Pr\u00e9sences 2012 \u00e0 mi-parcours","author_name":"Christian Wasselin","width":"1200","height":"800","url":"http:\/\/www.webtheatre.fr\/Presences-2012-a-mi-parcours-3118","html":"\u003Ch4 class='title'\u003E\u003Ca href='http:\/\/www.webtheatre.fr\/Presences-2012-a-mi-parcours-3118'\u003EPr\u00e9sences 2012 \u00e0 mi-parcours\u003C\/a\u003E\u003C\/h4\u003E\u003Cblockquote class='spip'\u003E\n\u003Cp\u003EApr\u00e8s Esa-Pekka Salonen en 2011, c\u2019est au tour d\u2019Oscar Strasnoy, n\u00e9 \u00e0 Buenos-Aires en 1970, d\u2019\u00eatre le h\u00e9ros de Pr\u00e9sences, le festival de cr\u00e9ation musicale de Radio France. Cette 22e \u00e9dition, comme la pr\u00e9c\u00e9dente, se d\u00e9roule au th\u00e9\u00e2tre du Ch\u00e2telet et propose le portrait d\u2019un compositeur&nbsp;: une copieuse anthologie de ses propres \u0153uvres \u00e9toff\u00e9e de compositions sign\u00e9es par des musiciens chers \u00e0 son c\u0153ur ou dont il se revendique l\u2019h\u00e9ritier. C\u2019est ainsi qu\u2019on a pu entendre, au cours de six premiers&nbsp;(\u2026)\u003C\/p\u003E\n\u003C\/blockquote\u003E\n"}