{"version":"1.0","type":"rich","provider_name":"WebTh\u00e9\u00e2tre&nbsp;: Actualit\u00e9 critique des spectacles, th\u00e9\u00e2tre, op\u00e9ra, musique, danse - Paris et r\u00e9gions, Belgique, Espagne","provider_url":"https:\/\/www.webtheatre.fr","title":"Peau d&#8217;\u00e2me","author_name":"St\u00e9phane Bugat","width":"1200","height":"800","url":"http:\/\/www.webtheatre.fr\/Peau-d-ame-561","html":"\u003Ch4 class='title'\u003E\u003Ca href='http:\/\/www.webtheatre.fr\/Peau-d-ame-561'\u003EPeau d&#8217;\u00e2me\u003C\/a\u003E\u003C\/h4\u003E\u003Cblockquote class='spip'\u003E\n\u003Cp\u003EUn caract\u00e8re cette Ang\u00e8le&nbsp;! 80 balais et quelques principes auxquels elle n\u2019est pas pr\u00eate de renoncer. C\u2019est la faute \u00e0 cette guerre, dans laquelle elle a plong\u00e9 jeune fille. C\u2019est la faute \u00e0 ces camps que la France de Vichy avait install\u00e9s pour faire les yeux doux \u00e0 l\u2019occupant nazi et o\u00f9 elle fut enferm\u00e9e avec ses copines d\u2019alors. Des camps pour femmes, en particulier, o\u00f9 se sont retrouv\u00e9es, soud\u00e9es par une in\u00e9branlable solidarit\u00e9, juives, r\u00e9publicaines espagnoles, r\u00e9sistantes allemandes et&nbsp;(\u2026)\u003C\/p\u003E\n\u003C\/blockquote\u003E\n"}