{"version":"1.0","type":"rich","provider_name":"WebTh\u00e9\u00e2tre&nbsp;: Actualit\u00e9 critique des spectacles, th\u00e9\u00e2tre, op\u00e9ra, musique, danse - Paris et r\u00e9gions, Belgique, Espagne","provider_url":"https:\/\/www.webtheatre.fr","title":"Obaldia, mort en sa 104e ann\u00e9e","author_name":"Gilles Costaz","width":"1200","height":"800","url":"http:\/\/www.webtheatre.fr\/Obaldia-mort-en-sa-104e-annee","html":"\u003Ch4 class='title'\u003E\u003Ca href='http:\/\/www.webtheatre.fr\/Obaldia-mort-en-sa-104e-annee'\u003EObaldia, mort en sa 104e ann\u00e9e\u003C\/a\u003E\u003C\/h4\u003E\u003Cblockquote class='spip'\u003E\n\u003Cp\u003ERen\u00e9 de Obaldia s\u2019est \u00e9teint, chez lui, \u00e0 Paris, \u00e2g\u00e9 de 103 ans, ce 27 janvier. Depuis une quinzaine d\u2019ann\u00e9es, apr\u00e8s la mort de sa femme (Diana, la merveilleuse Am\u00e9ricaine), il n\u2019\u00e9crivait plus. Mais il restait pr\u00e9sent, se rendant \u00e0 l\u2019Acad\u00e9mie fran\u00e7aise dont il \u00e9tait l\u2019un des membres les malicieux, passant \u00e0 la Soci\u00e9t\u00e9 des auteurs et compositeurs dramatiques, r\u00e9pondant au t\u00e9l\u00e9phone avec une courtoisie amus\u00e9e sans jamais donner la plus infime impression de s\u2019\u00e9garer dans les brouillards de&nbsp;(\u2026)\u003C\/p\u003E\n\u003C\/blockquote\u003E\n"}