{"version":"1.0","type":"rich","provider_name":"WebTh\u00e9\u00e2tre&nbsp;: Actualit\u00e9 critique des spectacles, th\u00e9\u00e2tre, op\u00e9ra, musique, danse - Paris et r\u00e9gions, Belgique, Espagne","provider_url":"https:\/\/www.webtheatre.fr","title":"Nada Strancar chante Brecht\/Dessau","author_name":"Corinne Denailles","width":"1200","height":"800","url":"http:\/\/www.webtheatre.fr\/Nada-Strancar-chante-Brecht-Dessau-2593","html":"\u003Ch4 class='title'\u003E\u003Ca href='http:\/\/www.webtheatre.fr\/Nada-Strancar-chante-Brecht-Dessau-2593'\u003ENada Strancar chante Brecht\/Dessau\u003C\/a\u003E\u003C\/h4\u003E\u003Cblockquote class='spip'\u003E\n\u003Cp\u003EForm\u00e9e par Antoine Vitez avec qui elle a beaucoup travaill\u00e9, Nada Strancar a toujours exerc\u00e9 son art avec rigueur, passion et g\u00e9n\u00e9rosit\u00e9. Sa nature de trag\u00e9dienne, sa pr\u00e9sence irradiante, sa voix grave vibrante n\u2019est pas sans \u00e9voquer Maria Casar\u00e8s. Avec Christian Schiaretti, elle \u00e9t\u00e9 une magnifique M\u00e8re Courage (Prix du syndicat professionnel de la critique, meilleure com\u00e9dienne) et madame Peachum dans l\u2019Op\u00e9ra de quat\u2019 sous. Elle a trouv\u00e9 chez Brecht l\u2019occasion d\u2019assouvir un d\u00e9sir tenace de&nbsp;(\u2026)\u003C\/p\u003E\n\u003C\/blockquote\u003E\n"}