{"version":"1.0","type":"rich","provider_name":"WebTh\u00e9\u00e2tre&nbsp;: Actualit\u00e9 critique des spectacles, th\u00e9\u00e2tre, op\u00e9ra, musique, danse - Paris et r\u00e9gions, Belgique, Espagne","provider_url":"https:\/\/www.webtheatre.fr","title":"Les Timbres au rythme du cheval","author_name":"Christian Wasselin","width":"1200","height":"800","url":"http:\/\/www.webtheatre.fr\/Les-Timbres-au-rythme-du-cheval","html":"\u003Ch4 class='title'\u003E\u003Ca href='http:\/\/www.webtheatre.fr\/Les-Timbres-au-rythme-du-cheval'\u003ELes Timbres au rythme du cheval\u003C\/a\u003E\u003C\/h4\u003E\u003Cblockquote class='spip'\u003E\n\u003Cp\u003EDu dimanche 4 au jeudi 8 ao\u00fbt, les membres de l\u2019ensemble Les Timbres effectueront une tourn\u00e9e itin\u00e9rante singuli\u00e8re intitul\u00e9e &#171;&nbsp;Portraits&nbsp;&#187;. \u00c0 travers les paysages de la Haute-Sa\u00f4ne et du Doubs, ils chemineront accompagn\u00e9s du public d\u2019un lieu de concert \u00e0 l\u2019autre, \u00e0 la vitesse d\u2019une carriole tir\u00e9e par des chevaux. Au total, cinq jours pour sept concerts. Au-del\u00e0 d\u2019une d\u00e9marche \u00e9cologique comme il y en a pl\u00e9thore, cette aventure se propose d\u2019interroger notre rapport au voyage. Du moulin&nbsp;(\u2026)\u003C\/p\u003E\n\u003C\/blockquote\u003E\n"}