{"version":"1.0","type":"rich","provider_name":"WebTh\u00e9\u00e2tre&nbsp;: Actualit\u00e9 critique des spectacles, th\u00e9\u00e2tre, op\u00e9ra, musique, danse - Paris et r\u00e9gions, Belgique, Espagne","provider_url":"https:\/\/www.webtheatre.fr","title":"Les Midinettes","author_name":"Webtheatre","width":"1200","height":"800","url":"http:\/\/www.webtheatre.fr\/Les-Midinettes","html":"\u003Ch4 class='title'\u003E\u003Ca href='http:\/\/www.webtheatre.fr\/Les-Midinettes'\u003ELes Midinettes\u003C\/a\u003E\u003C\/h4\u003E\u003Cblockquote class='spip'\u003E\n\u003Cp\u003ED\u2019anonymes ouvri\u00e8res d\u2019ateliers de couture des beaux quartiers parisiens m\u00e8nent les premiers combats f\u00e9ministes de 1917.\n\u003Cbr class='autobr' \/\u003E\nMai 1917, les combats s\u2019enlisent au Chemin des Dames, les femmes tremblent pour leurs hommes et travaillent dur \u00e0 l\u2019arri\u00e8re. Les midinettes des ateliers de couture refusent de se voir amputer d\u2019une demi-journ\u00e9e de travail. Rose, 16 ans, r\u00eave de travailler malgr\u00e9 l\u2019opposition de sa grand-m\u00e8re. Les syndicats refusent de parler d\u2019\u00e9galit\u00e9. L\u2019injustice salariale, les envies&nbsp;(\u2026)\u003C\/p\u003E\n\u003C\/blockquote\u003E\n"}