{"version":"1.0","type":"rich","provider_name":"WebTh\u00e9\u00e2tre&nbsp;: Actualit\u00e9 critique des spectacles, th\u00e9\u00e2tre, op\u00e9ra, musique, danse - Paris et r\u00e9gions, Belgique, Espagne","provider_url":"https:\/\/www.webtheatre.fr","title":"Le Dialogue des Carm\u00e9lites","author_name":"Caroline Alexander","width":"1200","height":"800","url":"http:\/\/www.webtheatre.fr\/Le-Dialogue-des-Carmelites-416","html":"\u003Ch4 class='title'\u003E\u003Ca href='http:\/\/www.webtheatre.fr\/Le-Dialogue-des-Carmelites-416'\u003ELe Dialogue des Carm\u00e9lites\u003C\/a\u003E\u003C\/h4\u003E\u003Cblockquote class='spip'\u003E\n\u003Cp\u003EC\u2019est la troisi\u00e8me \u0153uvre du r\u00e9pertoire de l\u2019Op\u00e9ra National de Paris qui, depuis le d\u00e9but de la direction de G\u00e9rard Mortier, passe des fastes intimistes du Palais Garnier au gigantisme froid de Bastille. Le chef d\u2019\u0153uvre de Francis Poulenc en sort  indemne. \n\u003Cbr class='autobr' \/\u003E\nLa pi\u00e8ce de Georges Bernanos, \u00e9crite en 1947 autour du martyr des Carm\u00e9lites de Compi\u00e8gne qui furent guillotin\u00e9es sous la R\u00e9volution Fran\u00e7aise, est peut-\u00eatre plus connue du grand public que l\u2019op\u00e9ra qu\u2019en tira Francis Poulenc dix ans plus&nbsp;(\u2026)\u003C\/p\u003E\n\u003C\/blockquote\u003E\n"}