{"version":"1.0","type":"rich","provider_name":"WebTh\u00e9\u00e2tre&nbsp;: Actualit\u00e9 critique des spectacles, th\u00e9\u00e2tre, op\u00e9ra, musique, danse - Paris et r\u00e9gions, Belgique, Espagne","provider_url":"https:\/\/www.webtheatre.fr","title":"Le Bal des Fous","author_name":"Jacky Viallon","width":"1200","height":"800","url":"http:\/\/www.webtheatre.fr\/Le-Bal-des-Fous-920","html":"\u003Ch4 class='title'\u003E\u003Ca href='http:\/\/www.webtheatre.fr\/Le-Bal-des-Fous-920'\u003ELe Bal des Fous\u003C\/a\u003E\u003C\/h4\u003E\u003Cblockquote class='spip'\u003E\n\u003Cp\u003ECe spectacle baroque nous renvoie agr\u00e9ablement \u00e0 plusieurs techniques du th\u00e9\u00e2tre de foire. La structure est implant\u00e9e actuellement dans le parc du th\u00e9\u00e2tre de la Commune d\u2019 Aubervilliers. Elle tient de la roulotte, du chapiteau, ou d\u2019une loge th\u00e9\u00e2trale des foires de Saint-Germain et de Saint-Laurent au XVIIIe si\u00e8cle. Ainsi y voit-on, en prologue au spectacle, \u00e0 l\u2019ext\u00e9rieur, deux paradistes qui h\u00e8le, musicalement et lyriquement, le chaland, lui signalant le d\u00e9but du spectacle. Ces deux&nbsp;(\u2026)\u003C\/p\u003E\n\u003C\/blockquote\u003E\n"}