{"version":"1.0","type":"rich","provider_name":"WebTh\u00e9\u00e2tre&nbsp;: Actualit\u00e9 critique des spectacles, th\u00e9\u00e2tre, op\u00e9ra, musique, danse - Paris et r\u00e9gions, Belgique, Espagne","provider_url":"https:\/\/www.webtheatre.fr","title":"Lazzi de Fabrice Melquiot","author_name":"Corinne Denailles","width":"1200","height":"800","url":"http:\/\/www.webtheatre.fr\/Lazzi-de-Fabrice-Melquiot","html":"\u003Ch4 class='title'\u003E\u003Ca href='http:\/\/www.webtheatre.fr\/Lazzi-de-Fabrice-Melquiot'\u003ELazzi de Fabrice Melquiot\u003C\/a\u003E\u003C\/h4\u003E\u003Cblockquote class='spip'\u003E\n\u003Cp\u003EDans le cadre merveilleusement d\u00e9cati du beau th\u00e9\u00e2tre des Bouffes du Nord, une sc\u00e8ne de fin du monde organis\u00e9e par le sc\u00e9nographe Raymond Sarti. Au milieu d\u2019une hypoth\u00e9tique salle de cin\u00e9ma en plein air aux fauteuils abandonn\u00e9s, \u00e0 moiti\u00e9 calcin\u00e9s, deux hommes, visiblement accabl\u00e9s, sont assis sur des cartons, dos-\u00e0-dos. Premi\u00e8re r\u00e9plique de Vincent \u00e0 Philippe&nbsp;: &#171;&nbsp;c\u2019est pas dr\u00f4le&nbsp;&#187;. Et le fait est que rien ne peut laisser penser le contraire. Les deux comp\u00e8res sont en deuil. Leur vid\u00e9oclub a&nbsp;(\u2026)\u003C\/p\u003E\n\u003C\/blockquote\u003E\n"}