{"version":"1.0","type":"rich","provider_name":"WebTh\u00e9\u00e2tre&nbsp;: Actualit\u00e9 critique des spectacles, th\u00e9\u00e2tre, op\u00e9ra, musique, danse - Paris et r\u00e9gions, Belgique, Espagne","provider_url":"https:\/\/www.webtheatre.fr","title":"La mort de Michel Vinaver","author_name":"Gilles Costaz","width":"1200","height":"800","url":"http:\/\/www.webtheatre.fr\/La-mort-de-Michel-Vinaver","html":"\u003Ch4 class='title'\u003E\u003Ca href='http:\/\/www.webtheatre.fr\/La-mort-de-Michel-Vinaver'\u003ELa mort de Michel Vinaver\u003C\/a\u003E\u003C\/h4\u003E\u003Cblockquote class='spip'\u003E\n\u003Cp\u003E\" Je n\u2019\u00e9cris pas pour le th\u00e9\u00e2tre, plut\u00f4t contre lui \", disait Michel Vinaver qui est mort le 1er  mai \u00e0 Paris (o\u00f9 il \u00e9tait n\u00e9 le 13 janvier 1927).  Sa fa\u00e7on d\u2019utiliser diff\u00e9remment le langage dramatique avait connu un nouveau couronnement quand sa pi\u00e8ce L\u2019Ordinaire, d\u00e9j\u00e0 cr\u00e9\u00e9e par Alain Fran\u00e7on en 1981, \u00e9tait entr\u00e9e au r\u00e9pertoire de la Com\u00e9die-Fran\u00e7aise en 2009 et repr\u00e9sent\u00e9e dans une mise en sc\u00e8ne qu\u2019il avait r\u00e9alis\u00e9e lui-m\u00eame avec Gilone Brun. On s\u2019\u00e9tait alors r\u00e9joui que le Fran\u00e7ais de&nbsp;(\u2026)\u003C\/p\u003E\n\u003C\/blockquote\u003E\n"}