{"version":"1.0","type":"rich","provider_name":"WebTh\u00e9\u00e2tre&nbsp;: Actualit\u00e9 critique des spectacles, th\u00e9\u00e2tre, op\u00e9ra, musique, danse - Paris et r\u00e9gions, Belgique, Espagne","provider_url":"https:\/\/www.webtheatre.fr","title":"La mort de Michel Piccoli","author_name":"Gilles Costaz","width":"1200","height":"800","url":"http:\/\/www.webtheatre.fr\/La-mort-de-Michel-Piccoli","html":"\u003Ch4 class='title'\u003E\u003Ca href='http:\/\/www.webtheatre.fr\/La-mort-de-Michel-Piccoli'\u003ELa mort de Michel Piccoli\u003C\/a\u003E\u003C\/h4\u003E\u003Cblockquote class='spip'\u003E\n\u003Cp\u003EIl est mort, \u00e2g\u00e9 de 94 ans, le 12 mai, dans le manoir de l\u2019Eure o\u00f9 il vivait. Michel Piccoli aura d\u00e9fi\u00e9 longtemps la mort, sur sc\u00e8ne, \u00e0 l\u2019\u00e9cran et dans ses propos. Apr\u00e8s la disparition de Luis Bunuel \u2013 nous avions eu l\u2019occasion de l\u2019interviewer \u00e0 ce moment-l\u00e0&nbsp;-, il disait, rieur&nbsp;: &#171;&nbsp;Je bois \u00e0 sa sant\u00e9&nbsp;&#187;, dans une altitude ath\u00e9e qu\u2019il semblait avoir emprunt\u00e9e au Dom Juan de Moli\u00e8re, personnage qu\u2019il incarna de fa\u00e7on magistrale, face \u00e0 Claude Brasseur, dans la r\u00e9alisation t\u00e9l\u00e9visuelle de&nbsp;(\u2026)\u003C\/p\u003E\n\u003C\/blockquote\u003E\n"}