{"version":"1.0","type":"rich","provider_name":"WebTh\u00e9\u00e2tre&nbsp;: Actualit\u00e9 critique des spectacles, th\u00e9\u00e2tre, op\u00e9ra, musique, danse - Paris et r\u00e9gions, Belgique, Espagne","provider_url":"https:\/\/www.webtheatre.fr","title":"La mort de Jean-Pierre Vincent","author_name":"Gilles Costaz","width":"1200","height":"800","url":"http:\/\/www.webtheatre.fr\/La-mort-de-Jean-Pierre-Vincent","html":"\u003Ch4 class='title'\u003E\u003Ca href='http:\/\/www.webtheatre.fr\/La-mort-de-Jean-Pierre-Vincent'\u003ELa mort de Jean-Pierre Vincent\u003C\/a\u003E\u003C\/h4\u003E\u003Cblockquote class='spip'\u003E\n\u003Cp\u003EL\u2019un des plus importants metteurs en sc\u00e8ne fran\u00e7ais vient de mourir&nbsp;: Jean-Pierre Vincent, d\u00e9c\u00e9d\u00e9 \u00e0 l\u2019\u00e2ge de 78 ans, victime du covid-19. Rien que la liste des \u00e9tablissements qu\u2019il a dirig\u00e9s au cours de sa carri\u00e8re donne la dimension de ce qu\u2019il a repr\u00e9sent\u00e9 dans le paysage th\u00e9\u00e2tral fran\u00e7ais&nbsp;: il a \u00e9t\u00e9 directeur du Th\u00e9\u00e2tre national de Strasbourg de 1975 \u00e0 1983, administrateur g\u00e9n\u00e9ral de la Com\u00e9die-Fran\u00e7aise de 1983 \u00e0 1986 et directeur de Nanterre-Amandiers de 1990 \u00e0 2001. Mais, au d\u00e9part, il&nbsp;(\u2026)\u003C\/p\u003E\n\u003C\/blockquote\u003E\n"}