{"version":"1.0","type":"rich","provider_name":"WebTh\u00e9\u00e2tre&nbsp;: Actualit\u00e9 critique des spectacles, th\u00e9\u00e2tre, op\u00e9ra, musique, danse - Paris et r\u00e9gions, Belgique, Espagne","provider_url":"https:\/\/www.webtheatre.fr","title":"La mort d\u2019Andr\u00e9 Wilms ","author_name":"Gilles Costaz","width":"1200","height":"800","url":"http:\/\/www.webtheatre.fr\/La-mort-d-Andre-Wilms","html":"\u003Ch4 class='title'\u003E\u003Ca href='http:\/\/www.webtheatre.fr\/La-mort-d-Andre-Wilms'\u003ELa mort d\u2019Andr\u00e9 Wilms \u003C\/a\u003E\u003C\/h4\u003E\u003Cblockquote class='spip'\u003E\n\u003Cp\u003EL\u2019importante carri\u00e8re cin\u00e9matographique d\u2019Andr\u00e9 Wilms, qui vient de s\u2019\u00e9teindre \u00e2g\u00e9 de 74 ans, s\u2019est doubl\u00e9e d\u2019une grande carri\u00e8re th\u00e9\u00e2trale. Form\u00e9 \u00e0 la grande fureur politique (la Gauche prol\u00e9tarienne) et aux inventions esth\u00e9tico-philosophiques du Th\u00e9\u00e2tre national de Strasbourg des ann\u00e9es 70, cet ancien machiniste avait fait ses d\u00e9buts avec le g\u00e9nial Klaus-Michael Gr\u00fcber et portait avec puissance des r\u00f4les parfois colossaux dans des classiques ou des modernes que mettaient en sc\u00e8ne Andr\u00e9&nbsp;(\u2026)\u003C\/p\u003E\n\u003C\/blockquote\u003E\n"}