{"version":"1.0","type":"rich","provider_name":"WebTh\u00e9\u00e2tre&nbsp;: Actualit\u00e9 critique des spectacles, th\u00e9\u00e2tre, op\u00e9ra, musique, danse - Paris et r\u00e9gions, Belgique, Espagne","provider_url":"https:\/\/www.webtheatre.fr","title":"La Terre entre les mondes de M\u00e9tie Navarro","author_name":"Corinne Denailles","width":"1200","height":"800","url":"http:\/\/www.webtheatre.fr\/La-Terre-entre-les-mondes-de-Metie-Navarro","html":"\u003Ch4 class='title'\u003E\u003Ca href='http:\/\/www.webtheatre.fr\/La-Terre-entre-les-mondes-de-Metie-Navarro'\u003ELa Terre entre les mondes de M\u00e9tie Navarro\u003C\/a\u003E\u003C\/h4\u003E\u003Cblockquote class='spip'\u003E\n\u003Cp\u003ELa terre entre les mondes est le territoire perdu des Mayas au c\u0153ur du Yucatan, au Mexique, un peuple d\u00e9cim\u00e9 par la colonisation espagnole au XVe si\u00e8cle, d\u00e9finitivement an\u00e9anti par la mondialisation. On n\u2019h\u00e9site pas \u00e0 s\u2019indigner des exactions commises par les Espagnols du si\u00e8cle d\u2019Or qui ont d\u00e9truit la civilisation maya, entre autres, mais il n\u2019y a personne pour reconna\u00eetre que cette politique d\u2019extermination des am\u00e9rindiens a \u00e9t\u00e9 consciencieusement poursuivie au fil des si\u00e8cles \u00e0 laquelle&nbsp;(\u2026)\u003C\/p\u003E\n\u003C\/blockquote\u003E\n"}