{"version":"1.0","type":"rich","provider_name":"WebTh\u00e9\u00e2tre&nbsp;: Actualit\u00e9 critique des spectacles, th\u00e9\u00e2tre, op\u00e9ra, musique, danse - Paris et r\u00e9gions, Belgique, Espagne","provider_url":"https:\/\/www.webtheatre.fr","title":"La Mastication des morts de Patrick Kermann","author_name":"Corinne Denailles","width":"1200","height":"800","url":"http:\/\/www.webtheatre.fr\/La-Mastication-des-morts-de-1261","html":"\u003Ch4 class='title'\u003E\u003Ca href='http:\/\/www.webtheatre.fr\/La-Mastication-des-morts-de-1261'\u003ELa Mastication des morts de Patrick Kermann\u003C\/a\u003E\u003C\/h4\u003E\u003Cblockquote class='spip'\u003E\n\u003Cp\u003EFid\u00e8les \u00e0 l\u2019auteur qui qualifiait son texte de &#171;&nbsp;polyphonie de l\u2019au-del\u00e0&nbsp;&#187;, d\u2019&#171;&nbsp;oratorio in progress&nbsp;&#187; Eva Vallejo et Bruno Soulier, qui jouent aux c\u00f4t\u00e9s de Corinne Bastat et Pascal Martin-Granel, ont mis en sc\u00e8ne l\u2019irrepr\u00e9sentable en noir et blanc. Ils donnent \u00e0 entendre les mille bavardages qui bruissent la nuit dans un petit cimeti\u00e8re rural, quand les morts, ranimant la flamme du souvenir, redonnent vie \u00e0 un village entier, avec ses petites et ses grandes histoires, fruits d\u2019une v\u00e9ritable&nbsp;(\u2026)\u003C\/p\u003E\n\u003C\/blockquote\u003E\n"}