{"version":"1.0","type":"rich","provider_name":"WebTh\u00e9\u00e2tre&nbsp;: Actualit\u00e9 critique des spectacles, th\u00e9\u00e2tre, op\u00e9ra, musique, danse - Paris et r\u00e9gions, Belgique, Espagne","provider_url":"https:\/\/www.webtheatre.fr","title":"Germaine Acogny m\u00e8ne la danse aux Champs-Elys\u00e9es","author_name":"No\u00ebl Tinazzi","width":"1200","height":"800","url":"http:\/\/www.webtheatre.fr\/Germaine-Acogny-mene-la-danse-aux-Champs-Elysees","html":"\u003Ch4 class='title'\u003E\u003Ca href='http:\/\/www.webtheatre.fr\/Germaine-Acogny-mene-la-danse-aux-Champs-Elysees'\u003EGermaine Acogny m\u00e8ne la danse aux Champs-Elys\u00e9es\u003C\/a\u003E\u003C\/h4\u003E\u003Cblockquote class='spip'\u003E\n\u003Cp\u003EOuverture de saison en danse aux Th\u00e9\u00e2tre des Champs Elys\u00e9es avec un spectacle en deux volets qui porte la marque du nouveau directeur g\u00e9n\u00e9ral, Baptiste Charroing. Un programme ouvert sur le monde et les tendances contemporaines avec une danse \u00e0 la fois tourn\u00e9e vers la m\u00e9moire du pass\u00e9 et les ouvertures du pr\u00e9sent. La soir\u00e9e fait converser deux figures de la danse du XX\u00e8me si\u00e8cle, Jos\u00e9phine Baker et Pina Bausch, et c\u00e9l\u00e8bre un double anniversaire. Celui du premier spectacle de Jos\u00e9phine Baker,&nbsp;(\u2026)\u003C\/p\u003E\n\u003C\/blockquote\u003E\n"}