{"version":"1.0","type":"rich","provider_name":"WebTh\u00e9\u00e2tre&nbsp;: Actualit\u00e9 critique des spectacles, th\u00e9\u00e2tre, op\u00e9ra, musique, danse - Paris et r\u00e9gions, Belgique, Espagne","provider_url":"https:\/\/www.webtheatre.fr","title":"En attendant Les Moli\u00e8res... Arnaud Denis","author_name":"Marie-Laure Atinault","width":"1200","height":"800","url":"http:\/\/www.webtheatre.fr\/En-attendant-Les-Molieres-Arnaud","html":"\u003Ch4 class='title'\u003E\u003Ca href='http:\/\/www.webtheatre.fr\/En-attendant-Les-Molieres-Arnaud'\u003EEn attendant Les Moli\u00e8res... Arnaud Denis\u003C\/a\u003E\u003C\/h4\u003E\u003Cblockquote class='spip'\u003E\n\u003Cp\u003ELundi 28 mai 2018, la trenti\u00e8me c\u00e9r\u00e9monie des Moli\u00e8res aura lieu \u00e0 la salle Pleyel. Les nomm\u00e9s de cette trenti\u00e8me \u00e9dition auront le c\u0153ur qui battra plus vite. Nous avons s\u00e9lectionn\u00e9 quelques uns d\u2019entre eux pour nous faire part de leur joie&nbsp;! \n\u003Cbr class='autobr' \/\u003E\nArnaud Denis nous re\u00e7oit  au th\u00e9\u00e2tre 14 o\u00f9 il interpr\u00e8te &#171;&nbsp;L\u2019Idiot&nbsp;&#187; de Dosto\u00efevski. Il est nomm\u00e9 dans la cat\u00e9gorie R\u00e9v\u00e9lation masculine pour son interpr\u00e9tation dans &#171;&nbsp;Jean Moulin, \u00e9vangile&nbsp;&#187; de Jean-Marie Besset, pi\u00e8ce jou\u00e9e au mois de septembre dans&nbsp;(\u2026)\u003C\/p\u003E\n\u003C\/blockquote\u003E\n"}