{"version":"1.0","type":"rich","provider_name":"WebTh\u00e9\u00e2tre&nbsp;: Actualit\u00e9 critique des spectacles, th\u00e9\u00e2tre, op\u00e9ra, musique, danse - Paris et r\u00e9gions, Belgique, Espagne","provider_url":"https:\/\/www.webtheatre.fr","title":"Deux Fr\u00e8res","author_name":"Webtheatre","width":"1200","height":"800","url":"http:\/\/www.webtheatre.fr\/Deux-Freres-8725","html":"\u003Ch4 class='title'\u003E\u003Ca href='http:\/\/www.webtheatre.fr\/Deux-Freres-8725'\u003EDeux Fr\u00e8res\u003C\/a\u003E\u003C\/h4\u003E\u003Cblockquote class='spip'\u003E\n\u003Cp\u003EDeux fr\u00e8res se font face au moment du d\u00e9c\u00e8s de leur p\u00e8re. Leurs trajectoires de vie les opposent&nbsp;: le grand-fr\u00e8re a \u00e9t\u00e9 victime d\u2019abus et d\u2019injustices dans sa jeunesse, le petit-fr\u00e8re a \u00e9t\u00e9 prot\u00e9g\u00e9 et favoris\u00e9. Apparaissent des v\u00e9rit\u00e9s contradictoires de la figure paternelle. Sur sc\u00e8ne un tas de terre figure la s\u00e9pulture. Une fum\u00e9e envahit l\u2019espace et le plonge dans un paysage plus abstrait, mythologique, dans lequel le r\u00e9el et les certitudes vacillent. Accompagn\u00e9s de la musique monumentale&nbsp;(\u2026)\u003C\/p\u003E\n\u003C\/blockquote\u003E\n"}