{"version":"1.0","type":"rich","provider_name":"WebTh\u00e9\u00e2tre&nbsp;: Actualit\u00e9 critique des spectacles, th\u00e9\u00e2tre, op\u00e9ra, musique, danse - Paris et r\u00e9gions, Belgique, Espagne","provider_url":"https:\/\/www.webtheatre.fr","title":"Boulez en cr\u00e9ation","author_name":"Pierre-Ren\u00e9 Serna","width":"1200","height":"800","url":"http:\/\/www.webtheatre.fr\/Boulez-en-creation","html":"\u003Ch4 class='title'\u003E\u003Ca href='http:\/\/www.webtheatre.fr\/Boulez-en-creation'\u003EBoulez en cr\u00e9ation\u003C\/a\u003E\u003C\/h4\u003E\u003Cblockquote class='spip'\u003E\n\u003Cp\u003EPO\u00c9SIE POUR POUVOIR EST UNE \u0152UVRE DE JEUNESSE.  Premier essai de Pierre Boulez (1925-2016) dans le domaine \u00e9lectronique, associ\u00e9 \u00e0 une formation instrumentale, cette \u0153uvre avait \u00e9t\u00e9 reni\u00e9e par son compositeur peu apr\u00e8s sa cr\u00e9ation en 1958 \u00e0 Donaueschingen. En raison de son insatisfaction du traitement \u00e9lectroacoustique lors de sa cr\u00e9ation. Il ne l\u2019avait plus reprise par la suite et l\u2019avait retir\u00e9e de son catalogue. C\u2019est \u00e0 une recr\u00e9ation de l\u2019\u0153uvre, &#171;&nbsp;exceptionnellement autoris\u00e9e par la&nbsp;(\u2026)\u003C\/p\u003E\n\u003C\/blockquote\u003E\n"}