{"version":"1.0","type":"rich","provider_name":"WebTh\u00e9\u00e2tre&nbsp;: Actualit\u00e9 critique des spectacles, th\u00e9\u00e2tre, op\u00e9ra, musique, danse - Paris et r\u00e9gions, Belgique, Espagne","provider_url":"https:\/\/www.webtheatre.fr","title":"Ballet de l\u2019Op\u00e9ra de Paris","author_name":"Yves Bourgade","width":"1200","height":"800","url":"http:\/\/www.webtheatre.fr\/Ballet-de-l-Opera-de-Paris-7477","html":"\u003Ch4 class='title'\u003E\u003Ca href='http:\/\/www.webtheatre.fr\/Ballet-de-l-Opera-de-Paris-7477'\u003EBallet de l\u2019Op\u00e9ra de Paris\u003C\/a\u003E\u003C\/h4\u003E\u003Cblockquote class='spip'\u003E\n\u003Cp\u003EDepuis le d\u00e9part d\u00e9but ao\u00fbt 2022 de l\u2019Etoile Aur\u00e9lie Dupond, le Ballet de l\u2019Op\u00e9ra de Paris est sans responsable au plus haut niveau au poste de &#171;&nbsp;directeur de la danse&nbsp;&#187;. \t Un communiqu\u00e9 de l\u2019Op\u00e9ra de Paris, le 28 octobre 2022, a mis fin \u00e0 ce vide. Le 5 d\u00e9cembre 2022 entrera en fonction le nouveau Directeur de la Danse nomm\u00e9&nbsp;: une ancienne Etoile-maison,  le franco-espagnol Jos\u00e9 Fernandez, 53 ans  \t Une condition est mise \u00e0 sa nomination&nbsp;: il renonce \u00e0 son activit\u00e9 de chor\u00e9graphe pour se&nbsp;(\u2026)\u003C\/p\u003E\n\u003C\/blockquote\u003E\n"}