{"version":"1.0","type":"rich","provider_name":"WebTh\u00e9\u00e2tre&nbsp;: Actualit\u00e9 critique des spectacles, th\u00e9\u00e2tre, op\u00e9ra, musique, danse - Paris et r\u00e9gions, Belgique, Espagne","provider_url":"https:\/\/www.webtheatre.fr","title":"Arr\u00eatez le monde, je voudrais descendre par le th\u00e9\u00e2tre Dromesko","author_name":"Corinne Denailles","width":"1200","height":"800","url":"http:\/\/www.webtheatre.fr\/Arretez-le-monde-je-voudrais-2186","html":"\u003Ch4 class='title'\u003E\u003Ca href='http:\/\/www.webtheatre.fr\/Arretez-le-monde-je-voudrais-2186'\u003EArr\u00eatez le monde, je voudrais descendre par le th\u00e9\u00e2tre Dromesko\u003C\/a\u003E\u003C\/h4\u003E\u003Cblockquote class='spip'\u003E\n\u003Cp\u003ELe th\u00e9\u00e2tre Dromesko est n\u00e9 en 1990&nbsp;; ceux qui l\u2019ont d\u00e9couvert \u00e0 l\u2019\u00e9poque o\u00f9 il s\u2019appelait La Voli\u00e8re Dromesko n\u2019ont certainement pas oubli\u00e9 l\u2019extraordinaire chapiteau en forme de voli\u00e8re avec ses centaines d\u2019oiseaux et d\u00e9j\u00e0, le marabout, avec sa t\u00eate chauve, ses longues jambes et son costume gris qui arpentait la piste, l\u2019air s\u00e9rieux et m\u00e9ditatif. Il est devenu la mascotte de la compagnie, cr\u00e9\u00e9e par Igor et Lily en 1990, qui compte presque autant d\u2019animaux que d\u2019artistes. En ce temps-l\u00e0,&nbsp;(\u2026)\u003C\/p\u003E\n\u003C\/blockquote\u003E\n"}