{"version":"1.0","type":"rich","provider_name":"WebTh\u00e9\u00e2tre&nbsp;: Actualit\u00e9 critique des spectacles, th\u00e9\u00e2tre, op\u00e9ra, musique, danse - Paris et r\u00e9gions, Belgique, Espagne","provider_url":"https:\/\/www.webtheatre.fr","title":" Acad\u00e9mie des Beaux-Arts","author_name":"Yves Bourgade","width":"1200","height":"800","url":"http:\/\/www.webtheatre.fr\/Academie-des-Beaux-Arts-7247","html":"\u003Ch4 class='title'\u003E\u003Ca href='http:\/\/www.webtheatre.fr\/Academie-des-Beaux-Arts-7247'\u003E Acad\u00e9mie des Beaux-Arts\u003C\/a\u003E\u003C\/h4\u003E\u003Cblockquote class='spip'\u003E\n\u003Cp\u003EUn danseur accompagn\u00e9 par un violoniste a interpr\u00e9t\u00e9  &#171;&nbsp;La gavote de Vestris&nbsp;&#187; sous la coupole de l\u2019Institut de France \u00e0 Paris, lors de la &#171;&nbsp;s\u00e9ance d\u2019installation&nbsp;&#187; du danseur et chor\u00e9graphe Thierry Malandain dans la nouvelle section de chor\u00e9graphie de l\u2019Acad\u00e9mie des Beaux-Arts (le 6 avril 2022). Cette compagnie a combl\u00e9 ainsi un vide au moment o\u00f9 la danse (toutes esth\u00e9tiques confondues) conna\u00eet un \u00e9largissement de son audience en France . Quatre chor\u00e9graphes sont d\u00e9j\u00e0 \u00e9lus&nbsp;: outre Thierry&nbsp;(\u2026)\u003C\/p\u003E\n\u003C\/blockquote\u003E\n"}