{"version":"1.0","type":"rich","provider_name":"WebTh\u00e9\u00e2tre&nbsp;: Actualit\u00e9 critique des spectacles, th\u00e9\u00e2tre, op\u00e9ra, musique, danse - Paris et r\u00e9gions, Belgique, Espagne","provider_url":"https:\/\/www.webtheatre.fr","title":" A Strasbourg, la 7\u00e8me \u00e9dition du festival Premi\u00e8res report\u00e9e","author_name":"Jean Chollet","width":"1200","height":"800","url":"http:\/\/www.webtheatre.fr\/A-Strasbourg-la-7eme-edition-du-2703","html":"\u003Ch4 class='title'\u003E\u003Ca href='http:\/\/www.webtheatre.fr\/A-Strasbourg-la-7eme-edition-du-2703'\u003E A Strasbourg, la 7\u00e8me \u00e9dition du festival Premi\u00e8res report\u00e9e\u003C\/a\u003E\u003C\/h4\u003E\u003Cblockquote class='spip'\u003E\n\u003Cp\u003EDirectrice du Th\u00e9\u00e2tre National de Strasbourg, Julie Brochen a annonc\u00e9 son obligation de renoncer \u00e0 participer aux c\u00f4t\u00e9s du Th\u00e9\u00e2tre du Maillon, co-organisateur, \u00e0 la nouvelle \u00e9dition du festival Premi\u00e8res, pr\u00e9vue du 2 au 5 juin 2011. Une d\u00e9cision motiv\u00e9e par &#8220; la n\u00e9cessit\u00e9 de conserver au second semestre 2011 les financements indispensables (au TNS) \u00e0 l\u2019\u00e9laboration d\u2019une saison qui reste conforme aux ambitions artistiques de ce th\u00e9\u00e2tre et \u00e0 ses obligations \u00e0 l\u2019\u00e9gard du public.&#8221;. R\u00e9sultant des&nbsp;(\u2026)\u003C\/p\u003E\n\u003C\/blockquote\u003E\n"}