{"version":"1.0","type":"rich","provider_name":"WebTh\u00e9\u00e2tre&nbsp;: Actualit\u00e9 critique des spectacles, th\u00e9\u00e2tre, op\u00e9ra, musique, danse - Paris et r\u00e9gions, Belgique, Espagne","provider_url":"https:\/\/www.webtheatre.fr","title":"4e \u00e9dition du Festival du Garage Th\u00e9\u00e2tre","author_name":"Webmestre","width":"1200","height":"800","url":"http:\/\/www.webtheatre.fr\/4e-edition-du-Festival-du-Garage-Theatre","html":"\u003Ch4 class='title'\u003E\u003Ca href='http:\/\/www.webtheatre.fr\/4e-edition-du-Festival-du-Garage-Theatre'\u003E4e \u00e9dition du Festival du Garage Th\u00e9\u00e2tre\u003C\/a\u003E\u003C\/h4\u003E\u003Cblockquote class='spip'\u003E\n\u003Cp\u003ECette ann\u00e9e, la 4e \u00e9dition du Festival du Garage Th\u00e9\u00e2tre vous attend avec du th\u00e9\u00e2tre, de la danse et de la musique, avec 6 soir\u00e9es&nbsp;! \n\u003Cbr class='autobr' \/\u003E\nAvec, entre autre, en ouverture \"Tout Augmente\" de et avec Olivier Perrier, Jean-Paul Wenzel et Jean-Louis Hourdin, et en cl\u00f4ture Jacques Bonnaff\u00e9 dans \"Frontalier\".\n\u003Cbr class='autobr' \/\u003E\nEntre les deux, de la danse (Cie Yma), de la musique (Pablo Cueco et Mirtha Pozzi), Thierry Gibault dans \"Une trop bruyante solitude\".\n\u003Cbr class='autobr' \/\u003E\nPour le d\u00e9tail du programme complet&nbsp;:&nbsp;(\u2026)\u003C\/p\u003E\n\u003C\/blockquote\u003E\n"}