{"version":"1.0","type":"rich","provider_name":"WebTh\u00e9\u00e2tre&nbsp;: Actualit\u00e9 critique des spectacles, th\u00e9\u00e2tre, op\u00e9ra, musique, danse - Paris et r\u00e9gions, Belgique, Espagne","provider_url":"https:\/\/www.webtheatre.fr","title":"3e biennale des arts du mime et du geste","author_name":"Corinne Denailles","width":"1200","height":"800","url":"http:\/\/www.webtheatre.fr\/3e-biennale-des-arts-du-mime-et-du","html":"\u003Ch4 class='title'\u003E\u003Ca href='http:\/\/www.webtheatre.fr\/3e-biennale-des-arts-du-mime-et-du'\u003E3e biennale des arts du mime et du geste\u003C\/a\u003E\u003C\/h4\u003E\u003Cblockquote class='spip'\u003E\n\u003Cp\u003ELa 3e Biennale des arts du mime et du geste (BAMG), du 9 au 19 d\u00e9cembre 2019, est organis\u00e9e par le Collectif des Arts du Mime et du Geste, qui r\u00e9unit plus de 70 compagnies, artistes et p\u00e9dagogues, en collaboration avec le Groupe de liaison des arts du mime (GLAM).  Une troisi\u00e8me \u00e9dition qui s\u2019annonce aussi dynamique et diversifi\u00e9e que les pr\u00e9c\u00e9dentes. G\u00e9n\u00e9ralement les festivals se d\u00e9roulent dans un lieu unique, au mieux une r\u00e9gion. La BAMG  a le m\u00e9rite de d\u00e9centraliser les repr\u00e9sentations.&nbsp;(\u2026)\u003C\/p\u003E\n\u003C\/blockquote\u003E\n"}